{"id":48,"date":"2005-05-28T14:21:19","date_gmt":"2005-05-28T12:21:19","guid":{"rendered":"?page_id=48"},"modified":"2023-08-28T18:37:44","modified_gmt":"2023-08-28T16:37:44","slug":"capes","status":"publish","type":"page","link":"https:\/\/sociologie.univ-paris8.fr\/?page_id=48","title":{"rendered":"CAPES sciences \u00e9conomiques et sociales"},"content":{"rendered":"<p><strong>La pr\u00e9paration au CAPES de S.E.S dans le master MEEF SES (M\u00e9tiers de l\u2019Enseignement, de l\u2019\u00c9ducation et de la Formation \u2013 Sciences \u00c9conomiques et Sociales)<\/strong><\/p>\n<p><strong>Qu\u2019est-ce que le Capes externe de sciences \u00e9conomiques et sociales ?<\/strong><\/p>\n<p>Le Capes externe de sciences \u00e9conomiques et sociales a \u00e9t\u00e9 cr\u00e9\u00e9 en 1969. Il s\u2019agit d\u2019un concours de l\u2019\u00c9ducation Nationale qui donne acc\u00e8s aux fonctions de professeur du second degr\u00e9 avec le statut de fonctionnaire d\u2019\u00c9tat. Le sigle \u00ab CAPES \u00bb signifie ainsi Certificat d\u2019Aptitude au Professorat du Second Degr\u00e9. Le CAPES de S.E.S. donne acc\u00e8s au poste de professeur titulaire \u00e0 l\u2019enseignement des Sciences \u00c9conomiques et Sociales dans le second \u00a0cycle de l\u2019enseignement secondaire : Seconde, Premi\u00e8re et Terminale des Lyc\u00e9es.<\/p>\n<p>Les \u00ab certifi\u00e9-e-s de SES \u00bb, ainsi que sont appel\u00e9-e-s celles et ceux qui ont r\u00e9ussi ce concours, enseignent en lyc\u00e9e, ont une charge de cours de 18 heures hebdomadaire. Leur r\u00e9mun\u00e9ration est de 1698 euros nets mensuels en d\u00e9but de carri\u00e8re et augmente avec l\u2019anciennet\u00e9.<\/p>\n<p><a href=\"https:\/\/www.education.gouv.fr\/la-remuneration-des-enseignants-7565\">https:\/\/www.education.gouv.fr\/la-remuneration-des-enseignants-7565<\/a><\/p>\n<p><a href=\"https:\/\/www.devenirenseignant.gouv.fr\/\">https:\/\/www.devenirenseignant.gouv.fr\/<\/a><\/p>\n<p>Le <strong>concours <\/strong>s&rsquo;adresse aux \u00e9tudiants inscrits en deuxi\u00e8me ann\u00e9e de master MEEF (M2), ainsi qu&rsquo;aux personnes qui d\u00e9tiennent d\u00e9j\u00e0 un dipl\u00f4me de master (inscrites dans ce cas en M1).<\/p>\n<p><a href=\"https:\/\/www.devenirenseignant.gouv.fr\/enseigner-au-college-ou-au-lycee-general-le-capes-118\">https:\/\/www.devenirenseignant.gouv.fr\/enseigner-au-college-ou-au-lycee-general-le-capes-118<\/a><\/p>\n<p><strong>Le Capes externe de sciences \u00e9conomiques et sociales se d\u00e9roule en deux \u00e9tapes :<\/strong><\/p>\n<ul>\n<li>\u00c9preuves d\u2019admissibilit\u00e9 (mars\/ avril)\u00a0: deux \u00e9preuves \u00e9crites.<\/li>\n<li>\u00c9preuves d\u2019admission (d\u00e9but juin)\u00a0: deux \u00e9preuves orales.<\/li>\n<li>Toutes les informations sur les \u00e9preuves\u00a0:<\/li>\n<\/ul>\n<p><a href=\"https:\/\/www.devenirenseignant.gouv.fr\/les-epreuves-du-capes-externe-et-du-cafep-capes-section-sciences-economiques-et-sociales-556\">https:\/\/www.devenirenseignant.gouv.fr\/les-epreuves-du-capes-externe-et-du-cafep-capes-section-sciences-economiques-et-sociales-556<\/a><\/p>\n<ul>\n<li>Le programme du concours est vaste puisqu\u2019il repose sur les programmes de lyc\u00e9e de sciences \u00e9conomiques et sociales (seconde, premi\u00e8re et terminale)\u00a0:<\/li>\n<\/ul>\n<p><a href=\"https:\/\/eduscol.education.fr\/1658\/programmes-et-ressources-en-sciences-economiques-et-sociales-voie-gt\">https:\/\/eduscol.education.fr\/1658\/programmes-et-ressources-en-sciences-economiques-et-sociales-voie-gt<\/a><\/p>\n<p><strong>La pr\u00e9paration au CAPES de S.E.S \u00e0 Paris 8 et \u00e0 l\u2019UPEC dans le master MEEF SES<\/strong><\/p>\n<p>La pr\u00e9paration au concours s\u2019\u00e9tale sur deux ann\u00e9es indissociables (M1 et M2). La formation est essentiellement consacr\u00e9e \u00e0 la pr\u00e9paration du concours, avec un accent mis sur la formation professionnelle qu\u2019il requiert, via une alternance entre stages en \u00e9tablissement et cours \u00e0 l\u2019universit\u00e9. Les cours de sociologie et de science politique sont assur\u00e9s par l\u2019Universit\u00e9 de Paris 8 et les cours d\u2019\u00e9conomie par l\u2019UPEC. L\u2019ESPE (Ecole Sup\u00e9rieure- du Professorat et de l\u2019\u00c9ducation) de Cr\u00e9teil assure la formation professionnelle des \u00e9tudiant.e.s (stages, cours de tronc commun avec les autres disciplines etc.) Les \u00e9tudiant.e.s suivent obligatoirement les cours dans toutes les disciplines et dans les deux universit\u00e9s.<\/p>\n<p>La pr\u00e9paration est dense et suppose de s\u2019y consacrer enti\u00e8rement. Elle comporte des enseignements hebdomadaires li\u00e9s \u00e0 chacune des \u00e9preuves du concours.<\/p>\n<p>En sciences sociales, les th\u00e8mes abord\u00e9s en cours touchent \u00e0 diff\u00e9rents domaines. La notion de sciences sociales recouvre en effet un vaste ensemble de disciplines : sociologie, science politique, histoire, d\u00e9mographie, anthropologie. Il est obligatoire de valider une UE de langue (non compensable) afin de certifier d\u2019un niveau B2. Les \u00e9tudiants qui peuvent certifier d\u2019un tel niveau de langue (cours de niveau master en langue \u00e9trang\u00e8re, certification type TOEFL OU TOEIC etc.) se voient d\u00e9livrer une \u00e9quivalence.<\/p>\n<p><strong>Les comp\u00e9tences professionnelles \u00e0 acqu\u00e9rir pour devenir enseignant de SES sont\u00a0:<\/strong><\/p>\n<ul>\n<li>des savoirs disciplinaires\u00a0: histoire de la pens\u00e9e sociologique et \u00e9conomique, \u00e9pist\u00e9mologie de la sociologie et de l\u2019\u00e9conomie, th\u00e9ories et grands courants de la sociologie<\/li>\n<li>des savoirs didactiques et p\u00e9dagogiques\u00a0: didactique des SES, programmes officiels, conception et mise en \u0153uvre d\u2019une le\u00e7on, projet d\u2019enseignement, analyse des pratiques professionnelles, articulation entre savoir disciplinaire et pratique p\u00e9dagogique<\/li>\n<li>des comp\u00e9tences m\u00e9thodologiques\u00a0: synth\u00e8se de document, dissertation, expression orale<\/li>\n<li>des connaissances transversales\u00a0: syst\u00e8me \u00e9ducatif, \u00e9thique professionnelle, sociologie des \u00e9l\u00e8ves et de l\u2019enseignement, TICE<\/li>\n<li>la pratique d\u2019une langue \u00e9trang\u00e8re<\/li>\n<\/ul>\n<p><strong>Pour acc\u00e9der \u00e0 la formation\u00a0:<\/strong><\/p>\n<ul>\n<li><em>Acc\u00e8s en master 1\u00a0: <\/em>pour les titulaires d\u2019une licence de sociologie, \u00e9conomie, science politique, sciences sociales\u00a0; \u00e9ventuellement droit, histoire, anthropologie ou ethnologie si le ou la candidat.e parvient \u00e0 convaincre de sa bonne connaissance des sciences \u00e9conomiques et sociales dans sa lettre de motivation<em>. <u>Les \u00e9tudiants titulaires d\u2019un master ou d\u2019un doctorat peuvent s\u2019inscrire en M1 tout en b\u00e9n\u00e9ficiant des cours de pr\u00e9paration aux concours dispens\u00e9s en M2 pour passer le concours d\u00e8s l\u2019ann\u00e9e de M1 dans le cadre d\u2019un parcours am\u00e9nag\u00e9.<\/u><\/em><\/li>\n<li><em>Acc\u00e8s en master 2\u00a0: <\/em>pour les titulaires du master 1 MEEF SES. Pour les recal\u00e9s aux concours, il est tout \u00e0 fait possible de pr\u00e9parer le concours une seconde fois : c\u2019est souvent apr\u00e8s un premier \u00e9chec mis en perspective que la r\u00e9ussite \u00e0 un concours s\u00e9lectif se construit. Un parcours d\u00e9di\u00e9 est mis en place pour les \u00e9tudiants qui ont valid\u00e9 le M2 mais qui n\u2019ont pas eu le concours afin de le repasser. La pr\u00e9paration se f\u00e9licite du nombre constant et important d\u2019admis.e.s au concours.<\/li>\n<li>Il est aussi possible de compl\u00e9ter la formation et d\u2019orienter les \u00e9tudiants vers d\u2019autres projets professionnels. Vous aurez ainsi appris pendant deux ans \u00e0 probl\u00e9matiser, synth\u00e9tiser et vous aurez acquis une solide culture en \u00e9conomie et en sciences sociales. Ces qualit\u00e9s peuvent \u00eatre mises \u00e0 profit dans de nombreux parcours professionnels. Une passerelle vers un master de recherche en sociologie et en \u00e9conomie peut aussi \u00eatre \u00e9tudi\u00e9e selon le profil de l\u2019\u00e9tudiant.<\/li>\n<\/ul>\n<p>L\u2019ann\u00e9e se d\u00e9roule de septembre \u00e0 juin, d\u00e9coup\u00e9e en deux semestres. La pr\u00e9paration se f\u00e9licite de ses bons r\u00e9sultats r\u00e9guliers.<\/p>\n<p><strong>Contacts<\/strong><\/p>\n<p>Pour s\u2019inscrire informatiquement, rendez-vous sur la plateforme Trouve Mon Master<\/p>\n<p><strong>Contact pour l\u2019Universit\u00e9 Paris 8<\/strong> :<\/p>\n<p>Fabien Truong (responsable de la formation et en charge des enseignements) : <a href=\"mailto:fabien.truong@univ-paris8.fr\">fabien.truong@univ-paris8.fr<\/a><\/p>\n<p><strong>Contact pour l\u2019Universit\u00e9 Paris Est \u2013 Cr\u00e9teil<\/strong> <strong>et coordinatrice de la pr\u00e9paration <\/strong>:<\/p>\n<p>St\u00e9phanie Treillet (coordinatrice et responsable de la pr\u00e9paration des \u00e9preuves de sciences \u00e9conomiques) : <a href=\"mailto:stephanie.treillet@u-pec.fr\">stephanie.treillet@u-pec.fr<\/a><\/p>\n<p><strong>Pour toute question administrative relative \u00e0 la constitution de votre dossier, veuillez contacter Corinne Charron : <a href=\"mailto:corinne.charron@univ-paris8.fr\">corinne.charron@univ-paris8.fr<\/a><br \/>\n<\/strong><\/p>\n","protected":false},"excerpt":{"rendered":"<p>La pr\u00e9paration au CAPES de S.E.S dans le master MEEF SES (M\u00e9tiers de l\u2019Enseignement, de l\u2019\u00c9ducation et de la Formation \u2013 Sciences \u00c9conomiques et Sociales) Qu\u2019est-ce que le Capes externe de sciences \u00e9conomiques et sociales ? Le Capes externe de sciences \u00e9conomiques et sociales a \u00e9t\u00e9 cr\u00e9\u00e9 en 1969. Il s\u2019agit d\u2019un concours de l\u2019\u00c9ducation&hellip;<\/p>\n","protected":false},"author":1,"featured_media":0,"parent":7,"menu_order":1,"comment_status":"closed","ping_status":"closed","template":"","meta":{"footnotes":""},"class_list":["post-48","page","type-page","status-publish","hentry","description-off"],"_links":{"self":[{"href":"https:\/\/sociologie.univ-paris8.fr\/index.php?rest_route=\/wp\/v2\/pages\/48","targetHints":{"allow":["GET"]}}],"collection":[{"href":"https:\/\/sociologie.univ-paris8.fr\/index.php?rest_route=\/wp\/v2\/pages"}],"about":[{"href":"https:\/\/sociologie.univ-paris8.fr\/index.php?rest_route=\/wp\/v2\/types\/page"}],"author":[{"embeddable":true,"href":"https:\/\/sociologie.univ-paris8.fr\/index.php?rest_route=\/wp\/v2\/users\/1"}],"replies":[{"embeddable":true,"href":"https:\/\/sociologie.univ-paris8.fr\/index.php?rest_route=%2Fwp%2Fv2%2Fcomments&post=48"}],"version-history":[{"count":37,"href":"https:\/\/sociologie.univ-paris8.fr\/index.php?rest_route=\/wp\/v2\/pages\/48\/revisions"}],"predecessor-version":[{"id":10884,"href":"https:\/\/sociologie.univ-paris8.fr\/index.php?rest_route=\/wp\/v2\/pages\/48\/revisions\/10884"}],"up":[{"embeddable":true,"href":"https:\/\/sociologie.univ-paris8.fr\/index.php?rest_route=\/wp\/v2\/pages\/7"}],"wp:attachment":[{"href":"https:\/\/sociologie.univ-paris8.fr\/index.php?rest_route=%2Fwp%2Fv2%2Fmedia&parent=48"}],"curies":[{"name":"wp","href":"https:\/\/api.w.org\/{rel}","templated":true}]}}