{"id":3694,"date":"2011-04-23T10:18:45","date_gmt":"2011-04-23T08:18:45","guid":{"rendered":"?page_id=3694"},"modified":"2011-04-23T10:18:45","modified_gmt":"2011-04-23T08:18:45","slug":"bosc-serge","status":"publish","type":"page","link":"https:\/\/sociologie.univ-paris8.fr\/?page_id=3694","title":{"rendered":"Bosc Serge"},"content":{"rendered":"<h3>Professeur agr\u00e9g\u00e9, retrait\u00e9<\/h3>\n<p><img loading=\"lazy\" decoding=\"async\" src=\"wp-content\/uploads\/2011\/04\/bosc-serge.png\" alt=\"\" title=\"bosc-serge\" width=\"72\" height=\"100\" class=\"alignright size-full wp-image-3695\" \/>Enseignant en sociologie (PRAG) \u00e0 l\u2019Universit\u00e9 Paris VIII, Serge BOSC est titulaire d\u2019une agr\u00e9gation de Sciences Economiques et Sociales. Il fut attach\u00e9 de recherche au groupe de sociologie du travail,  \u00e0 l\u2019Universit\u00e9 Paris VII de 1970 \u00e0 1974, en charge des recherches sur les conflits du travail, avant de se consacrer \u00e0 l\u2019enseignement des sciences \u00e9conomiques et sociales au lyc\u00e9e de 1975 \u00e0 1993 et en classe pr\u00e9paratoire de 1982 \u00e0 1992. Il a publi\u00e9 de nombreux ouvrages, dont <em>Sociologie des classes moyennes<\/em> (2008), <em>Stratification et classes sociales, la soci\u00e9t\u00e9 fran\u00e7aise en mutation<\/em> (2008). Il a \u00e9galement r\u00e9alis\u00e9 un dossier sur \u00ab Les classes moyennes \u00bb pour <em>Probl\u00e8mes politiques et sociaux<\/em> (2007). <\/p>\n<p><b>Th\u00e8mes de recherche<\/b><\/p>\n<p>Ses principales investigations portent depuis les ann\u00e9es 1990 sur les  transformations du syst\u00e8me des classes sociales dans la soci\u00e9t\u00e9 fran\u00e7aise, plus g\u00e9n\u00e9ralement au sein des \u00ab soci\u00e9t\u00e9s salariales \u00bb pour reprendre la formules de R. Castel.<br \/>\nCes derni\u00e8res ann\u00e9es, ses recherches se sont focalis\u00e9es sur les classes moyennes, plus particuli\u00e8rement sur leurs \u00ab multipolarisations \u00bb.<br \/>\nAutres int\u00e9r\u00eats :<br \/>\n&#8211; la sociologie \u00e9lectorale (qui vote pour qui ? )<br \/>\n&#8211; le complexe classes sup\u00e9rieures \/ classe(s) dirigeante(s) \/ cat\u00e9gories poss\u00e9dantes<\/p>\n<h3>Travaux et publications   (\u00e9chantillon)<\/h3>\n<p><strong>Parmi mes anciennes publications :<br \/>\n<\/strong><\/p>\n<p>\u00ab\u00a0Le mouvement des \u00e9tudiants berlinois\u00a0\u00bb, <em>Les Temps Modernes<\/em>, Juillet 1968   (en collaboration avec Jean-Marcel  Bouguereau) <\/p>\n<p>\u00ab\u00a0Le mouvement \u00e9tudiant fran\u00e7ais\u00a0\u00bb, <em>Sociologie du Travail<\/em>, 1971 (en collaboration  avec Nicole de Maup\u00e9ou-Abboud)<\/p>\n<p>\u00ab\u00a0D\u00e9mocratie et consensus dans les gr\u00e8ves\u00a0\u00bb, <em>Sociologie du Travail<\/em>, 4\/1973<\/p>\n<p><strong>Publications r\u00e9centes<\/strong><\/p>\n<p>Ouvrages<\/p>\n<p><em>Sociologie des classes moyennes<\/em>, La D\u00e9couverte, coll. Rep\u00e8res, 2008<\/p>\n<p><em>Stratification et classes sociales, la soci\u00e9t\u00e9 fran\u00e7aise en mutation<\/em> , Nathan, 2001, A.Colin, 2004, 2008    (importants remaniements de l\u2019ouvrage de 1993, chapitres in\u00e9dits)<\/p>\n<p>( <em>Stratification et transformations sociales, la soci\u00e9t\u00e9 fran\u00e7aise en mutation<\/em>.,<br \/>\nNathan, 1e \u00e9dition 1993 )<\/p>\n<p>Les classes moyennes (dossier r\u00e9alis\u00e9 par), <em>Probl\u00e8mes Politiques et Sociaux<\/em>, , n\u00b0 938-939,  La Documentation fran\u00e7aise, 2007<\/p>\n<p>Articles et textes divers<\/p>\n<p>\u00ab Entre fronti\u00e8res et passerelles \u00bb, postface \u00e0 P. Bouffartigue, Ch. Gad\u00e9a et S. Pochic (dir),<br \/>\n   <em>Cadres, classes moyennes : vers l\u2019\u00e9clatement ?<\/em>, A. Colin, 2010<\/p>\n<p>\u00ab Groupes sociaux ou classes sociales ?\u00bb, in <em>Cahiers fran\u00e7ais<\/em>, La soci\u00e9t\u00e9 fran\u00e7aise et ses fractures,  n\u00b0 314, mai-juin 2003 <\/p>\n<p>Collaboration<\/p>\n<p>Coauteur du <em>Dictionnaire d&rsquo;Economie et de Sciences Sociales<\/em> (sous la direction de Claude E. Echaudemaison), Nathan, 1989 (1e \u00e9dition), 2009, 8e \u00e9dition <\/p>\n","protected":false},"excerpt":{"rendered":"<p>Professeur agr\u00e9g\u00e9, retrait\u00e9 Enseignant en sociologie (PRAG) \u00e0 l\u2019Universit\u00e9 Paris VIII, Serge BOSC est titulaire d\u2019une agr\u00e9gation de Sciences Economiques et Sociales. Il fut attach\u00e9 de recherche au groupe de sociologie du travail, \u00e0 l\u2019Universit\u00e9 Paris VII de 1970 \u00e0 1974, en charge des recherches sur les conflits du travail, avant de se consacrer \u00e0&hellip;<\/p>\n","protected":false},"author":1,"featured_media":0,"parent":102,"menu_order":0,"comment_status":"closed","ping_status":"closed","template":"","meta":{"footnotes":""},"class_list":["post-3694","page","type-page","status-publish","hentry","description-off"],"_links":{"self":[{"href":"https:\/\/sociologie.univ-paris8.fr\/index.php?rest_route=\/wp\/v2\/pages\/3694","targetHints":{"allow":["GET"]}}],"collection":[{"href":"https:\/\/sociologie.univ-paris8.fr\/index.php?rest_route=\/wp\/v2\/pages"}],"about":[{"href":"https:\/\/sociologie.univ-paris8.fr\/index.php?rest_route=\/wp\/v2\/types\/page"}],"author":[{"embeddable":true,"href":"https:\/\/sociologie.univ-paris8.fr\/index.php?rest_route=\/wp\/v2\/users\/1"}],"replies":[{"embeddable":true,"href":"https:\/\/sociologie.univ-paris8.fr\/index.php?rest_route=%2Fwp%2Fv2%2Fcomments&post=3694"}],"version-history":[{"count":3,"href":"https:\/\/sociologie.univ-paris8.fr\/index.php?rest_route=\/wp\/v2\/pages\/3694\/revisions"}],"predecessor-version":[{"id":3698,"href":"https:\/\/sociologie.univ-paris8.fr\/index.php?rest_route=\/wp\/v2\/pages\/3694\/revisions\/3698"}],"up":[{"embeddable":true,"href":"https:\/\/sociologie.univ-paris8.fr\/index.php?rest_route=\/wp\/v2\/pages\/102"}],"wp:attachment":[{"href":"https:\/\/sociologie.univ-paris8.fr\/index.php?rest_route=%2Fwp%2Fv2%2Fmedia&parent=3694"}],"curies":[{"name":"wp","href":"https:\/\/api.w.org\/{rel}","templated":true}]}}