{"id":140,"date":"2006-05-28T19:59:15","date_gmt":"2006-05-28T17:59:15","guid":{"rendered":"?page_id=140"},"modified":"2025-07-23T14:10:14","modified_gmt":"2025-07-23T12:10:14","slug":"international-erasmus","status":"publish","type":"page","link":"https:\/\/sociologie.univ-paris8.fr\/?page_id=140","title":{"rendered":"International \/ Erasmus"},"content":{"rendered":"<p>Il existe dans le d\u00e9partement de Sociologie (UFR Textes et Soci\u00e9t\u00e9s) comme dans la plupart des d\u00e9partements de l\u2019Universit\u00e9 de Paris 8 des programmes de mobilit\u00e9 pour les \u00e9tudiants (et les enseignants).<br \/>\nCes programmes sont: <a href=\"http:\/\/www.univ-paris8.fr\/Le-programme-erasmus\">ERASMUS<\/a> pour l\u2019Europe (<a href=\"http:\/\/www.univ-paris8.fr\/Le-programme-erasmus\">http:\/\/www.univ-paris8.fr\/Le-programme-erasmus<\/a>), <a href=\"http:\/\/www.univ-paris8.fr\/Programme-MICEFA-USA\">MICEFA<\/a> pour les Etats-Unis d\u2019Am\u00e9rique (<a href=\"http:\/\/www.univ-paris8.fr\/Programme-MICEFA-USA\">http:\/\/www.univ-paris8.fr\/Programme-MICEFA-USA<\/a>), <a href=\"http:\/\/www.univ-paris8.fr\/Le-programme-CREPUQ-Quebec-Canada\">CREPUQ<\/a> pour le Qu\u00e9bec (<a href=\"http:\/\/www.univ-paris8.fr\/Le-programme-CREPUQ-Quebec-Canada\">http:\/\/www.univ-paris8.fr\/Le-programme-CREPUQ-Quebec-Canada<\/a>).<\/p>\n<p>Les dossiers sont \u00e0 remplir \u00e0 l\u2019automne avec les enseignants responsables des relations internationales.<\/p>\n<p>Les dossiers se pr\u00e9parent en L1 pour un d\u00e9part en L2 ou en L2 pour un d\u00e9part en L3. Il est possible de partir aussi pendant le Master. Tous les d\u00e9parts se font sous condition de l\u2019accord du responsable de cycle et des responsables de la mobilit\u00e9.<br \/>\nIl appartient au candidat de se renseigner sur le site des universit\u00e9s envisag\u00e9es et de construire son programme d\u2019\u00e9tude en prenant le conseil des enseignants nomm\u00e9s ci-dessus. La dur\u00e9e de s\u00e9jour est d\u2019un semestre ou d\u2019une ann\u00e9e enti\u00e8re.<\/p>\n<p>L\u2019acceptation de la demande ERASMUS signifie que les \u00e9quivalences des enseignements choisis et suivis avec succ\u00e8s seront automatiquement valid\u00e9es dans le cursus. Des bourses peuvent \u00eatre attribu\u00e9es.<\/p>\n<p>Dans le cadre d\u2019ERASMUS, le d\u00e9partement de sociologie a des conventions d\u2019\u00e9change avec les d\u00e9partements de sociologie des universit\u00e9s de nombreux pays (Allemagne, Autriche, Espagne, Portugal, Italie, Finlande, Islande, Suisse, Turquie). La liste compl\u00e8te peut-\u00eatre consult\u00e9e sur <a href=\"https:\/\/paris8.moveonfr.com\/publisher\/1\/fra\">le site des relations internationales de Paris 8<\/a> : https:\/\/paris8.moveonfr.com\/publisher\/1\/fra<\/p>\n<p>Cependant, les possibilit\u00e9s sont potentiellement plus larges: en effet, des \u00e9tudiants en sociologie peuvent parfois b\u00e9n\u00e9ficier d\u2019accords conclus au titre des sciences sociales (anthropologie, sciences politiques, ethnologie etc.).<br \/>\nDans tous les cas, les \u00e9tudiants int\u00e9ress\u00e9s doivent se rapprocher des responsables des relations internationales du d\u00e9partement d\u00e8s les premi\u00e8res semaines de cours du semestre d\u2019automne.<\/p>\n<p>Contacts : Agn\u00e8s Deboulet<\/p>\n<p><strong>Pour en savoir plus<\/strong>, consultez par exemple :<\/p>\n<ul>\n<li><a href=\"?tag=erasmus\">Tous les compte-rendus d&rsquo;exp\u00e9rience<\/a><\/li>\n<li><a href=\"?p=2238\">Ce que pense Chams de son s\u00e9jour \u00e0 Copenhague<\/a> (2009)<\/li>\n<li><a href=\"?p=2136\">Les impressions de Julia \u00e0 New-York<\/a> (2009)<\/li>\n<li><a href=\"?p=2053\">Le r\u00e9cit d&rsquo;Ana\u00efs au Qu\u00e9bec<\/a> (2009)<\/li>\n<li><a href=\"wp-content\/uploads\/2008\/11\/massinissa.pdf\">Masinissa \u00e0 S\u00e9ville et \u00e0 Qu\u00e9bec<\/a> (document PDF, 46 pages)<\/li>\n<li><a href=\"?p=811\">le r\u00e9cit de Camille, \u00e0 S\u00e9ville en 2008<\/a><\/li>\n<li><a href=\"?p=367\">le texte et les photos de Masinissa \u00e0 Montreal<\/a> (2007)<\/li>\n<li>ou <a href=\"?p=189\">les impressions de Nabila, en \u00e9change Erasmus \u00e0 Manchester<\/a><\/li>\n<li>celles d&rsquo;<a href=\"?p=190\">Alessandro, en \u00e9change Erasmus \u00e0 Barcelone<\/a><\/li>\n<li>ou encore celles de <a href=\"?p=215\">Cl\u00e9ment \u00e0 Manchester<\/a><\/li>\n<\/ul>\n","protected":false},"excerpt":{"rendered":"<p>Il existe dans le d\u00e9partement de Sociologie (UFR Textes et Soci\u00e9t\u00e9s) comme dans la plupart des d\u00e9partements de l\u2019Universit\u00e9 de Paris 8 des programmes de mobilit\u00e9 pour les \u00e9tudiants (et les enseignants). Ces programmes sont: ERASMUS pour l\u2019Europe (http:\/\/www.univ-paris8.fr\/Le-programme-erasmus), MICEFA pour les Etats-Unis d\u2019Am\u00e9rique (http:\/\/www.univ-paris8.fr\/Programme-MICEFA-USA), CREPUQ pour le Qu\u00e9bec (http:\/\/www.univ-paris8.fr\/Le-programme-CREPUQ-Quebec-Canada). Les dossiers sont \u00e0 remplir&hellip;<\/p>\n","protected":false},"author":1,"featured_media":0,"parent":7,"menu_order":0,"comment_status":"closed","ping_status":"closed","template":"","meta":{"footnotes":""},"class_list":["post-140","page","type-page","status-publish","hentry","description-off"],"_links":{"self":[{"href":"https:\/\/sociologie.univ-paris8.fr\/index.php?rest_route=\/wp\/v2\/pages\/140","targetHints":{"allow":["GET"]}}],"collection":[{"href":"https:\/\/sociologie.univ-paris8.fr\/index.php?rest_route=\/wp\/v2\/pages"}],"about":[{"href":"https:\/\/sociologie.univ-paris8.fr\/index.php?rest_route=\/wp\/v2\/types\/page"}],"author":[{"embeddable":true,"href":"https:\/\/sociologie.univ-paris8.fr\/index.php?rest_route=\/wp\/v2\/users\/1"}],"replies":[{"embeddable":true,"href":"https:\/\/sociologie.univ-paris8.fr\/index.php?rest_route=%2Fwp%2Fv2%2Fcomments&post=140"}],"version-history":[{"count":17,"href":"https:\/\/sociologie.univ-paris8.fr\/index.php?rest_route=\/wp\/v2\/pages\/140\/revisions"}],"predecessor-version":[{"id":11642,"href":"https:\/\/sociologie.univ-paris8.fr\/index.php?rest_route=\/wp\/v2\/pages\/140\/revisions\/11642"}],"up":[{"embeddable":true,"href":"https:\/\/sociologie.univ-paris8.fr\/index.php?rest_route=\/wp\/v2\/pages\/7"}],"wp:attachment":[{"href":"https:\/\/sociologie.univ-paris8.fr\/index.php?rest_route=%2Fwp%2Fv2%2Fmedia&parent=140"}],"curies":[{"name":"wp","href":"https:\/\/api.w.org\/{rel}","templated":true}]}}